{"id":13,"date":"2019-10-26T11:16:29","date_gmt":"2019-10-26T11:16:29","guid":{"rendered":"http:\/\/www.bechste.in\/riemumielen\/?page_id=13"},"modified":"2020-03-11T17:47:19","modified_gmt":"2020-03-11T15:47:19","slug":"muistoissa","status":"publish","type":"page","link":"https:\/\/www.riemumielen.fi\/en\/muistoissa\/","title":{"rendered":"Muistoissa"},"content":{"rendered":"\n<p>Ik\u00e4v\u00f6iden ja aina muistaen rakkaita edesmenneit\u00e4 koiriamme.<\/p>\n\n\n\n<figure class=\"wp-block-gallery columns-2 is-cropped wp-block-gallery-1 is-layout-flex wp-block-gallery-is-layout-flex\"><ul class=\"blocks-gallery-grid\"><li class=\"blocks-gallery-item\"><figure><img loading=\"lazy\" decoding=\"async\" width=\"429\" height=\"522\" src=\"http:\/\/www.bechste.in\/riemumielen\/wp-content\/uploads\/2019\/10\/bechstein_small014.jpg\" alt=\"\" data-id=\"267\" data-link=\"http:\/\/www.bechste.in\/riemumielen\/muistoissa\/robin\/attachment\/bechstein_small014\/\" class=\"wp-image-267\" srcset=\"https:\/\/www.riemumielen.fi\/wp-content\/uploads\/2019\/10\/bechstein_small014.jpg 429w, https:\/\/www.riemumielen.fi\/wp-content\/uploads\/2019\/10\/bechstein_small014-247x300.jpg 247w\" sizes=\"auto, (max-width: 429px) 100vw, 429px\" \/><figcaption class=\"blocks-gallery-item__caption\"><a href=\"https:\/\/www.riemumielen.fi\/muistoissa\/robin\/\">Robin<br\/> SAMETTISILM\u00c4N SINI USVA<\/a> <\/figcaption><\/figure><\/li><li class=\"blocks-gallery-item\"><figure><img loading=\"lazy\" decoding=\"async\" width=\"551\" height=\"669\" src=\"http:\/\/www.bechste.in\/riemumielen\/wp-content\/uploads\/2019\/10\/collie_pk_42.jpg\" alt=\"\" data-id=\"274\" data-link=\"http:\/\/www.bechste.in\/riemumielen\/muistoissa\/riku\/attachment\/collie_pk_42\/\" class=\"wp-image-274\" srcset=\"https:\/\/www.riemumielen.fi\/wp-content\/uploads\/2019\/10\/collie_pk_42.jpg 551w, https:\/\/www.riemumielen.fi\/wp-content\/uploads\/2019\/10\/collie_pk_42-247x300.jpg 247w\" sizes=\"auto, (max-width: 551px) 100vw, 551px\" \/><figcaption class=\"blocks-gallery-item__caption\"><a href=\"https:\/\/www.riemumielen.fi\/muistoissa\/riku\/\">Riku<br\/> RTK1 MAPLE YARD APOCALYPTICA <\/a><\/figcaption><\/figure><\/li><\/ul><\/figure>\n","protected":false},"excerpt":{"rendered":"<p>Ik\u00e4v\u00f6iden ja aina muistaen rakkaita edesmenneit\u00e4 koiriamme.<\/p>\n","protected":false},"author":1,"featured_media":0,"parent":0,"menu_order":0,"comment_status":"closed","ping_status":"closed","template":"","meta":{"_exactmetrics_skip_tracking":false,"_exactmetrics_sitenote_active":false,"_exactmetrics_sitenote_note":"","_exactmetrics_sitenote_category":0,"footnotes":""},"class_list":["post-13","page","type-page","status-publish","hentry"],"_links":{"self":[{"href":"https:\/\/www.riemumielen.fi\/en\/wp-json\/wp\/v2\/pages\/13","targetHints":{"allow":["GET"]}}],"collection":[{"href":"https:\/\/www.riemumielen.fi\/en\/wp-json\/wp\/v2\/pages"}],"about":[{"href":"https:\/\/www.riemumielen.fi\/en\/wp-json\/wp\/v2\/types\/page"}],"author":[{"embeddable":true,"href":"https:\/\/www.riemumielen.fi\/en\/wp-json\/wp\/v2\/users\/1"}],"replies":[{"embeddable":true,"href":"https:\/\/www.riemumielen.fi\/en\/wp-json\/wp\/v2\/comments?post=13"}],"version-history":[{"count":0,"href":"https:\/\/www.riemumielen.fi\/en\/wp-json\/wp\/v2\/pages\/13\/revisions"}],"wp:attachment":[{"href":"https:\/\/www.riemumielen.fi\/en\/wp-json\/wp\/v2\/media?parent=13"}],"curies":[{"name":"wp","href":"https:\/\/api.w.org\/{rel}","templated":true}]}}